{"id":1219,"date":"2021-02-13T13:24:42","date_gmt":"2021-02-13T11:24:42","guid":{"rendered":"http:\/\/olimpiadadebiologia.cat\/?page_id=1219"},"modified":"2026-02-20T11:11:23","modified_gmt":"2026-02-20T09:11:23","slug":"obc-2o21","status":"publish","type":"page","link":"http:\/\/olimpiadadebiologia.cat\/index.php\/obc-2o21\/","title":{"rendered":"OBC 2O21"},"content":{"rendered":"\n<p>L&#8217;<strong>XI edici\u00f3 de l\u2019OBC<\/strong>&nbsp;es va realitzar el dimecres 3 de febrer de 2021 de forma telem\u00e0tica a cadasc\u00fan dels instituts i centres educatius dels alumnes participants. Deguda a la pand\u00e8mia a la que estem vivint, aquesta edici\u00f3 no es va fer presencial a cada una de les universitats que representen les 5 seus del territori, aix\u00ed com tampoc una fase pr\u00e0ctica dels 20 millors classificats a la <a rel=\"noreferrer noopener\" href=\"http:\/\/www.uab.cat\" data-type=\"URL\" data-id=\"www.uab.cat\" target=\"_blank\"><span class=\"has-inline-color has-luminous-vivid-orange-color\">Universitat Aut\u00f2noma de Barcelona<\/span><\/a>.<\/p>\n\n\n\n<div style=\"height:100px\" aria-hidden=\"true\" class=\"wp-block-spacer\"><\/div>\n\n\n\n<h2 class=\"wp-block-heading\">Fotografia dels 5 guanyadors<\/h2>\n\n\n\n<figure class=\"wp-block-image size-large is-resized\"><img fetchpriority=\"high\" decoding=\"async\" width=\"1024\" height=\"768\" src=\"http:\/\/olimpiadadebiologia.cat\/wp-content\/uploads\/2021\/02\/OBC-2021-guanyadors-1024x768.jpg\" alt=\"\" class=\"wp-image-1233\" style=\"width:799px;height:533px\" srcset=\"http:\/\/olimpiadadebiologia.cat\/wp-content\/uploads\/2021\/02\/OBC-2021-guanyadors-1024x768.jpg 1024w, http:\/\/olimpiadadebiologia.cat\/wp-content\/uploads\/2021\/02\/OBC-2021-guanyadors-300x225.jpg 300w, http:\/\/olimpiadadebiologia.cat\/wp-content\/uploads\/2021\/02\/OBC-2021-guanyadors-768x576.jpg 768w, http:\/\/olimpiadadebiologia.cat\/wp-content\/uploads\/2021\/02\/OBC-2021-guanyadors-1536x1152.jpg 1536w, http:\/\/olimpiadadebiologia.cat\/wp-content\/uploads\/2021\/02\/OBC-2021-guanyadors-2048x1536.jpg 2048w, http:\/\/olimpiadadebiologia.cat\/wp-content\/uploads\/2021\/02\/OBC-2021-guanyadors-360x270.jpg 360w\" sizes=\"(max-width: 1024px) 100vw, 1024px\" \/><figcaption class=\"wp-element-caption\">D\u2019esquerra a dreta: Laia Joventeny Miron, Javier Rodr\u00edguez Mart\u00ednez, Paula Juan Royo, Thomas Gonz\u00e1lez Saito i J\u00falia Aguilar Garcia<br><\/figcaption><\/figure>\n\n\n\n<div style=\"height:100px\" aria-hidden=\"true\" class=\"wp-block-spacer\"><\/div>\n\n\n\n<p>El lliurament de premis va ser el dmecres 10 de febrer de 2021 de forma telem\u00e0tica mitjan\u00e7ant la plataforma zoom. El v\u00eddeo de l&#8217;acte el podeu veure a continuaci\u00f3:<\/p>\n\n\n\n<figure class=\"wp-block-embed-youtube wp-block-embed is-type-rich is-provider-gestor-del-servei wp-embed-aspect-16-9 wp-has-aspect-ratio\"><div class=\"wp-block-embed__wrapper\">\n<iframe title=\"Acte de lliurament de premis: Olimp\u00edada de Biologia de Catalunya 2021\" width=\"847\" height=\"476\" src=\"https:\/\/www.youtube.com\/embed\/9KAwOU0xVpU?feature=oembed\" frameborder=\"0\" allow=\"accelerometer; autoplay; clipboard-write; encrypted-media; gyroscope; picture-in-picture\" allowfullscreen><\/iframe>\n<\/div><figcaption>Acte de lliurament de premis de l&#8217;XI Olimp\u00edada de Biologia de Catalunya 2021<\/figcaption><\/figure>\n\n\n\n<p><\/p>\n\n\n\n<p>En el seg\u00fcent enlla\u00e7 teniu un recull de fotografies del dia de la prova:<\/p>\n\n\n\n<p><a rel=\"noreferrer noopener\" href=\"https:\/\/www.dropbox.com\/sh\/b7p86m04lz6p34v\/AAB1J86YQ2eXVyTUghZbqG0Aa?dl=0\" data-type=\"URL\" data-id=\"https:\/\/www.dropbox.com\/sh\/b7p86m04lz6p34v\/AAB1J86YQ2eXVyTUghZbqG0Aa?dl=0\" target=\"_blank\"><span class=\"has-inline-color has-luminous-vivid-orange-color\">Fotografies XI OBC 2021<\/span><\/a><\/p>\n\n\n\n<div style=\"height:100px\" aria-hidden=\"true\" class=\"wp-block-spacer\"><\/div>\n\n\n\n<h1 class=\"wp-block-heading\">Llista dels 20 finalistes<\/h1>\n\n\n\n<figure class=\"wp-block-table\"><table><thead><tr><th class=\"has-text-align-center\" data-align=\"center\"><span class=\"has-inline-color has-black-color\">Medalla<\/span><\/th><th class=\"has-text-align-center\" data-align=\"center\">Nom de l&#8217;alumne\/a<\/th><th class=\"has-text-align-center\" data-align=\"center\">Centre educatiu<\/th><th class=\"has-text-align-center\" data-align=\"center\">Localitat<\/th><\/tr><\/thead><tbody><tr><td class=\"has-text-align-center\" data-align=\"center\"><span class=\"has-inline-color has-luminous-vivid-amber-color\">OR<\/span><\/td><td class=\"has-text-align-center\" data-align=\"center\">Thomas Gonz\u00e1lez Saito<\/td><td class=\"has-text-align-center\" data-align=\"center\">Escola Sagrat Cor \u2013 Diputaci\u00f3<\/td><td class=\"has-text-align-center\" data-align=\"center\">Barcelona<\/td><\/tr><tr><td class=\"has-text-align-center\" data-align=\"center\"><span class=\"has-inline-color has-luminous-vivid-amber-color\">OR<\/span><\/td><td class=\"has-text-align-center\" data-align=\"center\">Paula Juan Royo<\/td><td class=\"has-text-align-center\" data-align=\"center\">Aula Escola Europea<\/td><td class=\"has-text-align-center\" data-align=\"center\">Barcelona<\/td><\/tr><tr><td class=\"has-text-align-center\" data-align=\"center\"><span class=\"has-inline-color has-luminous-vivid-amber-color\">OR<\/span><\/td><td class=\"has-text-align-center\" data-align=\"center\">Laia Joventeny Miron<\/td><td class=\"has-text-align-center\" data-align=\"center\">Escola IPSI<\/td><td class=\"has-text-align-center\" data-align=\"center\">Barcelona<\/td><\/tr><tr><td class=\"has-text-align-center\" data-align=\"center\"><span class=\"has-inline-color has-cyan-bluish-gray-color\">PLATA<\/span><\/td><td class=\"has-text-align-center\" data-align=\"center\">J\u00falia Aguilar Garc\u00eda<\/td><td class=\"has-text-align-center\" data-align=\"center\">Institut l&#8217;Alzina<\/td><td class=\"has-text-align-center\" data-align=\"center\">Barcelona<\/td><\/tr><tr><td class=\"has-text-align-center\" data-align=\"center\"><span class=\"has-inline-color has-cyan-bluish-gray-color\">PLATA<\/span><\/td><td class=\"has-text-align-center\" data-align=\"center\">Javier Rodr\u00edguez Mart\u00ednez<\/td><td class=\"has-text-align-center\" data-align=\"center\">Institutci\u00f3 La Farga<\/td><td class=\"has-text-align-center\" data-align=\"center\">Sant Cugat del Vall\u00e8s<\/td><\/tr><tr><td class=\"has-text-align-center\" data-align=\"center\"><span class=\"has-inline-color has-cyan-bluish-gray-color\">PLATA<\/span><\/td><td class=\"has-text-align-center\" data-align=\"center\">Ignacio Ochoteco Asensio<\/td><td class=\"has-text-align-center\" data-align=\"center\">Institutci\u00f3 La Farga<\/td><td class=\"has-text-align-center\" data-align=\"center\">Sant Cugat del Vall\u00e8s<\/td><\/tr><tr><td class=\"has-text-align-center\" data-align=\"center\"><span style=\"color:#cd7f32\" class=\"has-inline-color\">BRONZE<\/span><\/td><td class=\"has-text-align-center\" data-align=\"center\">Dunia Ahmed Ammouri<\/td><td class=\"has-text-align-center\" data-align=\"center\">Institut l&#8217;Alzina<\/td><td class=\"has-text-align-center\" data-align=\"center\">Barcelona<\/td><\/tr><tr><td class=\"has-text-align-center\" data-align=\"center\"><span style=\"color:#cd7f32\" class=\"has-inline-color\">BRONZE<\/span><\/td><td class=\"has-text-align-center\" data-align=\"center\">Dragos-Luca Bandi<\/td><td class=\"has-text-align-center\" data-align=\"center\">Institut La S\u00e9nia<\/td><td class=\"has-text-align-center\" data-align=\"center\">La S\u00e9nia<\/td><\/tr><tr><td class=\"has-text-align-center\" data-align=\"center\"><span style=\"color:#cd7f32\" class=\"has-inline-color\">BRONZE<\/span><\/td><td class=\"has-text-align-center\" data-align=\"center\">Pere Capella Urp\u00ed<\/td><td class=\"has-text-align-center\" data-align=\"center\">Institutci\u00f3 La Farga<\/td><td class=\"has-text-align-center\" data-align=\"center\">Sant Cugat del Vall\u00e8s<\/td><\/tr><tr><td class=\"has-text-align-center\" data-align=\"center\"><span style=\"color:#cd7f32\" class=\"has-inline-color\">BRONZE<\/span><\/td><td class=\"has-text-align-center\" data-align=\"center\">Marina Dur\u00e1n Delgado<\/td><td class=\"has-text-align-center\" data-align=\"center\">Escola Ateneu Instructiu<\/td><td class=\"has-text-align-center\" data-align=\"center\">Sant Joan Desp\u00ed<\/td><\/tr><tr><td class=\"has-text-align-center\" data-align=\"center\"><span style=\"color:#cd7f32\" class=\"has-inline-color\">BRONZE<\/span><\/td><td class=\"has-text-align-center\" data-align=\"center\">Ariadna Figueras Vea<\/td><td class=\"has-text-align-center\" data-align=\"center\">Escola Mestral<\/td><td class=\"has-text-align-center\" data-align=\"center\">Sant Feliu del Llobregat<\/td><\/tr><tr><td class=\"has-text-align-center\" data-align=\"center\"><span style=\"color:#cd7f32\" class=\"has-inline-color\">BRONZE<\/span><\/td><td class=\"has-text-align-center\" data-align=\"center\">Nerea Garrido P\u00e9rez<\/td><td class=\"has-text-align-center\" data-align=\"center\">Institut l&#8217;Alzina<\/td><td class=\"has-text-align-center\" data-align=\"center\">Barcelona<\/td><\/tr><tr><td class=\"has-text-align-center\" data-align=\"center\"><span style=\"color:#cd7f32\" class=\"has-inline-color\">BRONZE<\/span><\/td><td class=\"has-text-align-center\" data-align=\"center\">Maria Mart\u00ednez Caballero<\/td><td class=\"has-text-align-center\" data-align=\"center\">Institut Pius Font i Quer<\/td><td class=\"has-text-align-center\" data-align=\"center\">Manresa<\/td><\/tr><tr><td class=\"has-text-align-center\" data-align=\"center\"><span style=\"color:#cd7f32\" class=\"has-inline-color\">BRONZE<\/span><\/td><td class=\"has-text-align-center\" data-align=\"center\">Anna Miquel Gelonch<\/td><td class=\"has-text-align-center\" data-align=\"center\">Institut Josep Vallverd\u00fa<\/td><td class=\"has-text-align-center\" data-align=\"center\">Les Borges Blanques<\/td><\/tr><tr><td class=\"has-text-align-center\" data-align=\"center\"><span style=\"color:#cd7f32\" class=\"has-inline-color\">BRONZE<\/span><\/td><td class=\"has-text-align-center\" data-align=\"center\">Nil Puiggr\u00f2s Cuadros<\/td><td class=\"has-text-align-center\" data-align=\"center\">Escola Pia d\u2019Igualada<\/td><td class=\"has-text-align-center\" data-align=\"center\">Igualada<\/td><\/tr><tr><td class=\"has-text-align-center\" data-align=\"center\"><span style=\"color:#cd7f32\" class=\"has-inline-color\">BRONZE<\/span><\/td><td class=\"has-text-align-center\" data-align=\"center\">Nick Brian Ram\u00edrez Varon<\/td><td class=\"has-text-align-center\" data-align=\"center\">Institut Pr\u00edncep de Viana<\/td><td class=\"has-text-align-center\" data-align=\"center\">Barcelona<\/td><\/tr><tr><td class=\"has-text-align-center\" data-align=\"center\"><span style=\"color:#cd7f32\" class=\"has-inline-color\">BRONZE<\/span><\/td><td class=\"has-text-align-center\" data-align=\"center\">Marc Ribas Pacheco<\/td><td class=\"has-text-align-center\" data-align=\"center\">Institut Pere Alsius i Torrent<\/td><td class=\"has-text-align-center\" data-align=\"center\">Banyoles<\/td><\/tr><tr><td class=\"has-text-align-center\" data-align=\"center\"><span style=\"color:#cd7f32\" class=\"has-inline-color\">BRONZE<\/span><\/td><td class=\"has-text-align-center\" data-align=\"center\">Maricel Rodr\u00edguez M\u00ednguez<\/td><td class=\"has-text-align-center\" data-align=\"center\">Institut Narc\u00eds Oller<\/td><td class=\"has-text-align-center\" data-align=\"center\">Valls<\/td><\/tr><tr><td class=\"has-text-align-center\" data-align=\"center\"><span style=\"color:#cd7f32\" class=\"has-inline-color\">BRONZE<\/span><\/td><td class=\"has-text-align-center\" data-align=\"center\">\u00c8lia Teixid\u00f3 Garc\u00eda<\/td><td class=\"has-text-align-center\" data-align=\"center\">Escola Ateneu Instructiu<\/td><td class=\"has-text-align-center\" data-align=\"center\">Sant Joan Desp\u00ed<\/td><\/tr><tr><td class=\"has-text-align-center\" data-align=\"center\"><span style=\"color:#cd7f32\" class=\"has-inline-color\">BRONZE<\/span><\/td><td class=\"has-text-align-center\" data-align=\"center\">Mireia Vega Herrera<\/td><td class=\"has-text-align-center\" data-align=\"center\">Institut l&#8217;Alzina<\/td><td class=\"has-text-align-center\" data-align=\"center\">Barcelona<\/td><\/tr><\/tbody><\/table><figcaption class=\"wp-element-caption\">Les medalles d&#8217;or i plata estan ordenades per ordre de puntuaci\u00f3 decreixent, mentre que les de bronze ho estan per ordre alfab\u00e8tic de primer cognom<\/figcaption><\/figure>\n\n\n\n<div style=\"height:100px\" aria-hidden=\"true\" class=\"wp-block-spacer\"><\/div>\n\n\n\n<p><\/p>\n ","protected":false},"excerpt":{"rendered":"<p>L&#8217;XI edici\u00f3 de l\u2019OBC&nbsp;es va realitzar el dimecres 3 de febrer de 2021 de forma telem\u00e0tica a cadasc\u00fan dels instituts i centres educatius dels alumnes participants. Deguda a la pand\u00e8mia a la que estem vivint, aquesta edici\u00f3 no es va <a href=\"http:\/\/olimpiadadebiologia.cat\/index.php\/obc-2o21\/\" class=\"read-more\">Llegeix m\u00e9s&#8230;<\/a><\/p>\n","protected":false},"author":1,"featured_media":0,"parent":0,"menu_order":0,"comment_status":"closed","ping_status":"closed","template":"","meta":{"footnotes":""},"class_list":["post-1219","page","type-page","status-publish","hentry"],"_links":{"self":[{"href":"http:\/\/olimpiadadebiologia.cat\/index.php\/wp-json\/wp\/v2\/pages\/1219","targetHints":{"allow":["GET"]}}],"collection":[{"href":"http:\/\/olimpiadadebiologia.cat\/index.php\/wp-json\/wp\/v2\/pages"}],"about":[{"href":"http:\/\/olimpiadadebiologia.cat\/index.php\/wp-json\/wp\/v2\/types\/page"}],"author":[{"embeddable":true,"href":"http:\/\/olimpiadadebiologia.cat\/index.php\/wp-json\/wp\/v2\/users\/1"}],"replies":[{"embeddable":true,"href":"http:\/\/olimpiadadebiologia.cat\/index.php\/wp-json\/wp\/v2\/comments?post=1219"}],"version-history":[{"count":7,"href":"http:\/\/olimpiadadebiologia.cat\/index.php\/wp-json\/wp\/v2\/pages\/1219\/revisions"}],"predecessor-version":[{"id":2573,"href":"http:\/\/olimpiadadebiologia.cat\/index.php\/wp-json\/wp\/v2\/pages\/1219\/revisions\/2573"}],"wp:attachment":[{"href":"http:\/\/olimpiadadebiologia.cat\/index.php\/wp-json\/wp\/v2\/media?parent=1219"}],"curies":[{"name":"wp","href":"https:\/\/api.w.org\/{rel}","templated":true}]}}